{"id":1945,"date":"2023-01-02T08:05:32","date_gmt":"2023-01-02T07:05:32","guid":{"rendered":"https:\/\/choice2b.eu\/?page_id=1945"},"modified":"2023-04-26T13:42:04","modified_gmt":"2023-04-26T11:42:04","slug":"impressum","status":"publish","type":"page","link":"https:\/\/choice2b.eu\/en\/impressum\/","title":{"rendered":"Impressum"},"content":{"rendered":"\t\t<div data-elementor-type=\"wp-page\" data-elementor-id=\"1945\" class=\"elementor elementor-1945\">\n\t\t\t\t\t\t<section class=\"elementor-section elementor-top-section elementor-element elementor-element-59525b4 elementor-section-boxed elementor-section-height-default elementor-section-height-default\" data-id=\"59525b4\" data-element_type=\"section\" data-e-type=\"section\">\n\t\t\t\t\t\t<div class=\"elementor-container elementor-column-gap-default\">\n\t\t\t\t\t<div class=\"elementor-column elementor-col-100 elementor-top-column elementor-element elementor-element-d34b6f5\" data-id=\"d34b6f5\" data-element_type=\"column\" data-e-type=\"column\">\n\t\t\t<div class=\"elementor-widget-wrap elementor-element-populated\">\n\t\t\t\t\t\t<div class=\"elementor-element elementor-element-62abd7c elementor-widget elementor-widget-heading\" data-id=\"62abd7c\" data-element_type=\"widget\" data-e-type=\"widget\" data-widget_type=\"heading.default\">\n\t\t\t\t<div class=\"elementor-widget-container\">\n\t\t\t\t\t<h2 class=\"elementor-heading-title elementor-size-default\">Impressum<\/h2>\t\t\t\t<\/div>\n\t\t\t\t<\/div>\n\t\t\t\t\t<\/div>\n\t\t<\/div>\n\t\t\t\t\t<\/div>\n\t\t<\/section>\n\t\t\t\t<section class=\"elementor-section elementor-top-section elementor-element elementor-element-2464ed2 elementor-section-boxed elementor-section-height-default elementor-section-height-default\" data-id=\"2464ed2\" data-element_type=\"section\" data-e-type=\"section\">\n\t\t\t\t\t\t<div class=\"elementor-container elementor-column-gap-default\">\n\t\t\t\t\t<div class=\"elementor-column elementor-col-100 elementor-top-column elementor-element elementor-element-da8a6f5\" data-id=\"da8a6f5\" data-element_type=\"column\" data-e-type=\"column\">\n\t\t\t<div class=\"elementor-widget-wrap elementor-element-populated\">\n\t\t\t\t\t\t<div class=\"elementor-element elementor-element-35ec071 elementor-widget elementor-widget-text-editor\" data-id=\"35ec071\" data-element_type=\"widget\" data-e-type=\"widget\" data-widget_type=\"text-editor.default\">\n\t\t\t\t<div class=\"elementor-widget-container\">\n\t\t\t\t\t\t\t\t\t<div data-id=\"5a8ddf4a\" data-element_type=\"column\"><div><div data-id=\"18414ce3\" data-element_type=\"widget\" data-widget_type=\"text-editor.default\"><div><p>Moritz Kaufmann<\/p><p>[Privatadresse]<br \/>71263 Weil der Stadt<\/p><p>https:\/\/choice2b.eu<br \/>Tel.: +49 17634422044<\/p><p>Mail: contact@choice2b.eu<\/p><\/div><\/div><\/div><\/div>\t\t\t\t\t\t\t\t<\/div>\n\t\t\t\t<\/div>\n\t\t\t\t\t<\/div>\n\t\t<\/div>\n\t\t\t\t\t<\/div>\n\t\t<\/section>\n\t\t\t\t<section class=\"elementor-section elementor-top-section elementor-element elementor-element-3c2a4f9 elementor-section-boxed elementor-section-height-default elementor-section-height-default\" data-id=\"3c2a4f9\" data-element_type=\"section\" data-e-type=\"section\">\n\t\t\t\t\t\t<div class=\"elementor-container elementor-column-gap-default\">\n\t\t\t\t\t<div class=\"elementor-column elementor-col-100 elementor-top-column elementor-element elementor-element-f64f2e2\" data-id=\"f64f2e2\" data-element_type=\"column\" data-e-type=\"column\">\n\t\t\t<div class=\"elementor-widget-wrap elementor-element-populated\">\n\t\t\t\t\t\t<div class=\"elementor-element elementor-element-04ea837 elementor-widget elementor-widget-text-editor\" data-id=\"04ea837\" data-element_type=\"widget\" data-e-type=\"widget\" data-widget_type=\"text-editor.default\">\n\t\t\t\t<div class=\"elementor-widget-container\">\n\t\t\t\t\t\t\t\t\t<p style=\"mso-margin-top-alt: auto; mso-margin-bottom-alt: auto; line-height: normal;\"><b><span style=\"font-size: 12.0pt; font-family: Roboto; mso-fareast-font-family: 'Times New Roman'; mso-bidi-font-family: 'Times New Roman'; mso-fareast-language: DE;\">Haftungsausschluss<\/span><\/b><span style=\"font-size: 12.0pt; font-family: Roboto; mso-fareast-font-family: 'Times New Roman'; mso-bidi-font-family: 'Times New Roman'; mso-fareast-language: DE;\">:<\/span><\/p><p style=\"mso-margin-top-alt: auto; mso-margin-bottom-alt: auto; line-height: normal; mso-outline-level: 2;\"><span style=\"font-size: 12.0pt; font-family: Roboto; mso-fareast-font-family: 'Times New Roman'; mso-bidi-font-family: 'Times New Roman'; mso-fareast-language: DE;\">Die Inhalte dieser Webseite wurden<br \/>mit gro\u00dfer Sorgfalt erstellt. F\u00fcr<br \/>die Aktualit\u00e4t, Richtigkeit, Qualit\u00e4t und\/oder Vollst\u00e4ndigkeit der auf<br \/>dieser Webseite bereitgestellten Informationen \u00fcbernimmt der Autor keine<br \/>Haftung.<\/span><\/p><p style=\"mso-margin-top-alt: auto; mso-margin-bottom-alt: auto; line-height: normal; mso-outline-level: 2;\"><span style=\"font-size: 12.0pt; font-family: Roboto; mso-fareast-font-family: 'Times New Roman'; mso-bidi-font-family: 'Times New Roman'; mso-fareast-language: DE;\">\u00a0<\/span><\/p><p style=\"mso-margin-top-alt: auto; mso-margin-bottom-alt: auto; line-height: normal; mso-outline-level: 2;\"><b><span style=\"font-size: 12.0pt; font-family: Roboto; mso-fareast-font-family: 'Times New Roman'; mso-bidi-font-family: 'Times New Roman'; mso-fareast-language: DE;\">Hinweis zu externen Links auf dieser<br \/>Webseite:<\/span><\/b><\/p><p style=\"mso-margin-top-alt: auto; mso-margin-bottom-alt: auto; line-height: normal; mso-outline-level: 2;\"><span style=\"font-size: 12.0pt; font-family: Roboto; mso-fareast-font-family: 'Times New Roman'; mso-bidi-font-family: 'Times New Roman'; mso-fareast-language: DE;\">Diese Webseite enth\u00e4lt Links zu<br \/>externen Webseiten Dritter, auf deren<br \/>Inhalte ich keinen Einfluss habe. F\u00fcr die Inhalte der verlinkten Seiten<br \/>ist ausschlie\u00dflich der jeweilige Anbieter bzw. Betreiber<br \/>verantwortlich. Rechtswidrige Inhalte waren zum Zeitpunkt der Verlinkung<br \/>nicht erkennbar. Trotz sorgf\u00e4ltiger inhaltlicher Kontrolle zum<br \/>Zeitpunkt der Einbindung \u00fcbernehme ich keine Haftung f\u00fcr die bisherigen<br \/>und\/oder jeweils aktuell enthaltenen Inhalte der verlinkten Seiten.<\/span><\/p><p style=\"mso-margin-top-alt: auto; mso-margin-bottom-alt: auto; line-height: normal; mso-outline-level: 2;\"><span style=\"font-size: 12.0pt; font-family: Roboto; mso-fareast-font-family: 'Times New Roman'; mso-bidi-font-family: 'Times New Roman'; mso-fareast-language: DE;\">\u00a0<\/span><\/p><p style=\"mso-margin-top-alt: auto; mso-margin-bottom-alt: auto; line-height: normal; mso-outline-level: 2;\"><b><span style=\"font-size: 12.0pt; font-family: Roboto; mso-fareast-font-family: 'Times New Roman'; mso-bidi-font-family: 'Times New Roman'; mso-fareast-language: DE;\">Verlinkung auf diese Webseite:<\/span><\/b><\/p><p style=\"mso-margin-top-alt: auto; mso-margin-bottom-alt: auto; line-height: normal; mso-outline-level: 2;\"><span style=\"font-size: 12.0pt; font-family: Roboto; mso-fareast-font-family: 'Times New Roman'; mso-bidi-font-family: 'Times New Roman'; mso-fareast-language: DE;\">Grunds\u00e4tzlich ist eine Verlinkung<br \/>von anderen Anbietern auf meine<br \/>Seite erw\u00fcnscht. Ich bitte jedoch nach erfolgter Verlinkung um eine<br \/>kurze Information an die oben angef\u00fchrte Emailadresse.<\/span><\/p><p style=\"mso-margin-top-alt: auto; mso-margin-bottom-alt: auto; line-height: normal; mso-outline-level: 2;\"><span style=\"font-size: 12.0pt; font-family: Roboto; mso-fareast-font-family: 'Times New Roman'; mso-bidi-font-family: 'Times New Roman'; mso-fareast-language: DE;\">\u00a0<\/span><\/p><p style=\"mso-margin-top-alt: auto; mso-margin-bottom-alt: auto; line-height: normal; mso-outline-level: 2;\"><b><span style=\"font-size: 12.0pt; font-family: Roboto; mso-fareast-font-family: 'Times New Roman'; mso-bidi-font-family: 'Times New Roman'; mso-fareast-language: DE;\">Urheberrecht:<\/span><\/b><\/p><p style=\"mso-margin-top-alt: auto; mso-margin-bottom-alt: auto; line-height: normal; mso-outline-level: 2;\"><span style=\"font-size: 12.0pt; font-family: Roboto; mso-fareast-font-family: 'Times New Roman'; mso-bidi-font-family: 'Times New Roman'; mso-fareast-language: DE;\">Eine Bearbeitung, Vervielf\u00e4ltigung,<br \/>Verbreitung sowie sonstige<br \/>Verwertung der Texte und Fotos auf dieser Webseite ist nur mit<br \/>ausdr\u00fccklicher und schriftlicher Genehmigung des Autors bzw. Erstellers<br \/>erlaubt!<\/span><\/p><p style=\"mso-margin-top-alt: auto; mso-margin-bottom-alt: auto; line-height: normal; mso-outline-level: 2;\"><span style=\"font-size: 12.0pt; font-family: Roboto; mso-fareast-font-family: 'Times New Roman'; mso-bidi-font-family: 'Times New Roman'; mso-fareast-language: DE;\">\u00a0<\/span><\/p><p>\u00a0<\/p><h2><b>Datenschutzerkl\u00e4rung<\/b>:<\/h2><p>Der Betreiber<br \/>dieser Seiten nimmt den Schutz Ihrer pers\u00f6nlichen Daten sehr ernst. Er<br \/>m\u00f6chte, dass Sie wissen, wann er welche Daten speichere und wie er sie<br \/>verwendet. Es unterliegen die Bestimmungen des Bundesdatenschutzgesetzes<br \/>(BDSG), der europ\u00e4ischen Datenschutzgrundverordnung und des<br \/>Telemediengesetzes (TMG). Er hat technische und organisatorische<br \/>Ma\u00dfnahmen getroffen, die sicherstellen, dass die Vorschriften \u00fcber den<br \/>Datenschutz sowohl von mir als auch von externen Dienstleistern beachtet<br \/>werden.<\/p><p>Diese Erkl\u00e4rung beschreibt, wie und zu welchem Zweck Ihre<br \/>Daten erfasst und genutzt werden und welche Wahlm\u00f6glichkeiten Sie im<br \/>Zusammenhang mit pers\u00f6nlichen Daten haben.<\/p><p>Durch Ihre Verwendung<br \/>dieser Website stimmten Sie der Erfassung, Nutzung und \u00dcbertragung Ihrer<br \/>Daten gem\u00e4\u00df dieser Datenschutzerkl\u00e4rung zu.<\/p><p>1.\u00a0<strong>Verantwortliche Stelle<\/strong><\/p><p>Verantwortliche Stelle f\u00fcr die Erhebung, Verarbeitung und Nutzung Ihrer personenbezogenen Daten im Sinne des DSGVO ist:<\/p><p><em><b><span style=\"font-style: normal;\">Moritz Kaufmann<\/span><\/b><\/em><br \/>Emil-Haag-Stra\u00dfe 20<br \/>71263 Weil der Stadt<\/p><p>Sofern<br \/>Sie der Erhebung, Verarbeitung oder Nutzung Ihrer Daten durch mich nach<br \/>Ma\u00dfgabe dieser Datenschutzbestimmungen insgesamt oder f\u00fcr einzelne<br \/>Ma\u00dfnahmen widersprechen wollen, k\u00f6nnen Sie Ihren Widerspruch an oben<br \/>genannte verantwortliche Stelle richten. Sie k\u00f6nnen diese<br \/>Datenschutzerkl\u00e4rung jederzeit speichern und ausdrucken.\u00a0<\/p><p><strong>Datenschutz<\/strong><\/p><p>Ich<br \/>behandele Ihre personenbezogenen Daten vertraulich und entsprechend der<br \/>gesetzlichen Datenschutzvorschriften sowie dieser Datenschutzerkl\u00e4rung.<\/p><p>Die<br \/>Nutzung meiner Website ist in der Regel ohne Angabe personenbezogener<br \/>Daten m\u00f6glich. Soweit auf meiner Seite personenbezogene Daten<br \/>(beispielsweise Name, Anschrift oder E-Mail-Adressen) erhoben werden,<br \/>erfolgt dies, soweit m\u00f6glich, stets auf freiwilliger Basis. Diese Daten<br \/>werden ohne Ihre ausdr\u00fcckliche Zustimmung nicht an Dritte weitergegeben.<\/p><p>Ich<br \/>weise darauf hin, dass die Daten\u00fcbertragung im Internet (z.B. bei der<br \/>Kommunikation per E-Mail) Sicherheitsl\u00fccken aufweisen kann. Ein<br \/>l\u00fcckenloser Schutz der Daten vor dem Zugriff durch Dritte ist nicht<br \/>m\u00f6glich.<\/p><p>\u00a0<\/p><p><strong><span style=\"font-weight: normal;\">2.<\/span>\u00a0\u00a0\u00a0\u00a0Allgemeine Nutzung der Website<\/strong><\/p><p><strong>Zugriffsdaten<\/strong><\/p><p>Im<br \/>Internet werden technisch automatisch Informationen \u00fcber Sie gesammelt,<br \/>wenn Sie diese Webseite nutzen. Zu den Zugriffsdaten geh\u00f6ren Name und<br \/>URL der abgerufenen Datei, Datum und Uhrzeit des Abrufs, \u00fcbertragene<br \/>Datenmenge, Meldung \u00fcber erfolgreichen Abruf (http response code),<br \/>Browsertyp und Browserversion, Betriebssystem, Referrer URL (d.h. die<br \/>zuvor besuchte Seite), IPAdresse und der anfragende Provider.<br \/>Protokolldaten entstehen ohne Zuordnung zu Ihrer Person oder sonstigen<br \/>Profilerstellung.<\/p><p><strong>Kommunikation per E-Mail<\/strong><\/p><p>Mit<br \/>der \u00dcberlassung Ihrer E-Mail-Adresse an mich erkl\u00e4ren Sie sich<br \/>ausdr\u00fccklich damit einverstanden, E-Mails von mir zu erhalten. Ich<br \/>erlaube mir, E-Mails zur Kommunikation mit Ihnen zu benutzen, um Ihnen<br \/>die gew\u00fcnschten Informationen zu senden oder Informationen zu<br \/>angebotenen Dienstleistungen. Ich gebe Ihre E-Mail-Adresse nicht an eine<br \/>andere Partei weiter, die Sie damit \u00fcber deren Produkten oder<br \/>Dienstleistungen direkt informieren k\u00f6nnte.<\/p><p>Bei der Kommunikation<br \/>per E-Mail kann die vollst\u00e4ndige Datensicherheit von mir nicht<br \/>gew\u00e4hrleistet werden, sodass ich Ihnen bei Informationen mit hohem<br \/>Geheimhaltungsbed\u00fcrfnis den Postweg empfehlen.<\/p><p><strong>Rechtsgrundlagen und Speicherdauer<\/strong><\/p><p>Rechtsgrundlage<br \/>der Datenverarbeitung nach den vorstehenden Ziffern ist Art 6 Abs. 1<br \/>Buchstabe f DSGVO. Unsere Interessen an der Datenverarbeitung sind<br \/>insbesondere die Sicherstellung des Betriebes und der Sicherheit der<br \/>Webseite, die Untersuchung der Art und Weise der Nutzung der Webseite<br \/>durch Besucher, und die Vereinfachung der Nutzung der Webseite. Sofern<br \/>nicht spezifisch angegeben speichern wir personenbezogene Daten nur so<br \/>lange, wie dies zur Erf\u00fcllung der verfolgten Zwecke notwendig ist.<\/p><p><strong>Kontaktformular<\/strong><b><br \/><\/b>Wenn<br \/>Sie uns per Kontaktformular Anfragen zukommen lassen, werden Ihre<br \/>Angaben aus dem Anfrageformular inklusive der von Ihnen dort angegebenen<br \/>Kontaktdaten zwecks Bearbeitung der Anfrage und f\u00fcr den Fall von<br \/>Anschlussfragen bei uns gespeichert. Diese Daten geben wir nicht ohne<br \/>Ihre Einwilligung weiter.<\/p><p><strong>Newsletterdaten<\/strong><b><br \/><\/b>Wenn<br \/>Sie den auf der Website angebotenen Newsletter beziehen m\u00f6chten,<br \/>ben\u00f6tigen wir von Ihnen eine E-Mail-Adresse sowie Informationen, welche<br \/>uns die \u00dcberpr\u00fcfung gestatten, dass Sie der Inhaber der angegebenen<br \/>E-Mail-Adresse sind und mit dem Empfang des Newsletters einverstanden<br \/>sind. Weitere Daten werden nicht erhoben. Diese Daten verwenden wir<br \/>ausschlie\u00dflich f\u00fcr den Versand der angeforderten Informationen und geben<br \/>sie nicht an Dritte weiter.<\/p><p>Die erteilte Einwilligung zur<br \/>Speicherung der Daten, der E-Mail-Adresse sowie deren Nutzung zum<br \/>Versand des Newsletters k\u00f6nnen Sie jederzeit widerrufen, etwa \u00fcber den<br \/>\u201eAustragen\u201c-Link im Newsletter.<\/p><p style=\"mso-margin-top-alt: auto; mso-margin-bottom-alt: auto; line-height: normal;\"><b><span style=\"font-size: 12.0pt; font-family: 'Times New Roman',serif; mso-fareast-font-family: 'Times New Roman'; mso-fareast-language: DE;\">3. Ihre Rechte als von der Datenverarbeitung Betroffener<\/span><\/b><\/p><p style=\"mso-margin-top-alt: auto; mso-margin-bottom-alt: auto; line-height: normal;\"><span style=\"font-size: 12.0pt; font-family: 'Times New Roman',serif; mso-fareast-font-family: 'Times New Roman'; mso-fareast-language: DE;\">Nach<br \/>den anwendbaren Gesetzen haben Sie verschiedene Rechte bez\u00fcglich ihrer<br \/>personenbezogener Daten. M\u00f6chten Sie diese Rechte geltend machen, so<br \/>richten Sie Ihre Anfrage bitte per E-Mail oder per Post unter<br \/>eindeutiger Identifizierung Ihrer Person an die in Ziffer 1 genannte<br \/>Adresse. Nachfolgen finden Sie eine \u00dcbersicht \u00fcber Ihre Rechte.<\/span><\/p><p style=\"mso-margin-top-alt: auto; mso-margin-bottom-alt: auto; line-height: normal;\"><b><span style=\"font-size: 12.0pt; font-family: 'Times New Roman',serif; mso-fareast-font-family: 'Times New Roman'; mso-fareast-language: DE;\">Recht auf Best\u00e4tigung und Auskunft<\/span><\/b><\/p><p style=\"mso-margin-top-alt: auto; mso-margin-bottom-alt: auto; line-height: normal;\"><span style=\"font-size: 12.0pt; font-family: 'Times New Roman',serif; mso-fareast-font-family: 'Times New Roman'; mso-fareast-language: DE;\">Sie<br \/>haben jederzeit das Recht, von mir eine Best\u00e4tigung dar\u00fcber zu<br \/>erhalten, ob betreffende personenbezogene Daten verarbeitet werden. Ist<br \/>dies der Fall, so haben Sie das Recht, von mir eine unentgeltliche<br \/>Auskunft \u00fcber die zu Ihnen gespeicherten personenbezogenen Daten nebst<br \/>einer Kopie dieser Daten zu erlangen. Es besteht ein Recht auf folgenden<br \/>Informationen:<\/span><\/p><ul type=\"disc\"><li style=\"mso-margin-top-alt: auto; mso-margin-bottom-alt: auto; line-height: normal; mso-list: l0 level1 lfo1; tab-stops: list 36.0pt;\"><span style=\"font-size: 12.0pt; font-family: 'Times New Roman',serif; mso-fareast-font-family: 'Times New Roman'; mso-fareast-language: DE;\">die Verarbeitungszwecke;<\/span><\/li><li style=\"mso-margin-top-alt: auto; mso-margin-bottom-alt: auto; line-height: normal; mso-list: l0 level1 lfo1; tab-stops: list 36.0pt;\"><span style=\"font-size: 12.0pt; font-family: 'Times New Roman',serif; mso-fareast-font-family: 'Times New Roman'; mso-fareast-language: DE;\">die Kategorien personenbezogener Daten, die verarbeitet werden;<\/span><\/li><li style=\"mso-margin-top-alt: auto; mso-margin-bottom-alt: auto; line-height: normal; mso-list: l0 level1 lfo1; tab-stops: list 36.0pt;\"><span style=\"font-size: 12.0pt; font-family: 'Times New Roman',serif; mso-fareast-font-family: 'Times New Roman'; mso-fareast-language: DE;\">die<br \/>Empf\u00e4nger oder Kategorien von Empf\u00e4ngern, gegen\u00fcber denen die<br \/>personenbezogenen Daten offengelegt worden sind oder noch offengelegt<br \/>werden, insbesondere bei Empf\u00e4ngern in Drittl\u00e4nder oder bei<br \/>internationalen Organisationen;<\/span><\/li><li style=\"mso-margin-top-alt: auto; mso-margin-bottom-alt: auto; line-height: normal; mso-list: l0 level1 lfo1; tab-stops: list 36.0pt;\"><span style=\"font-size: 12.0pt; font-family: 'Times New Roman',serif; mso-fareast-font-family: 'Times New Roman'; mso-fareast-language: DE;\">falls<br \/>m\u00f6glich die geplante Dauer, f\u00fcr die die personenbezogenen Daten<br \/>gespeichert werden, oder, falls dies nicht m\u00f6glich ist, die Kriterien<br \/>f\u00fcr die Festlegung dieser Dauer,<\/span><\/li><li style=\"mso-margin-top-alt: auto; mso-margin-bottom-alt: auto; line-height: normal; mso-list: l0 level1 lfo1; tab-stops: list 36.0pt;\"><span style=\"font-size: 12.0pt; font-family: 'Times New Roman',serif; mso-fareast-font-family: 'Times New Roman'; mso-fareast-language: DE;\">das<br \/>Bestehen eines Rechtes auf Berichtigung oder L\u00f6schung der Sie<br \/>betreffenden personenbezogenen Daten oder auf Einschr\u00e4nkung der<br \/>Verarbeitung durch den Verantwortlichen oder eines Widerspruchrechts<br \/>gegen diese Verarbeitung,<\/span><\/li><li style=\"mso-margin-top-alt: auto; mso-margin-bottom-alt: auto; line-height: normal; mso-list: l0 level1 lfo1; tab-stops: list 36.0pt;\"><span style=\"font-size: 12.0pt; font-family: 'Times New Roman',serif; mso-fareast-font-family: 'Times New Roman'; mso-fareast-language: DE;\">das Bestehen eines Beschwerderechts bei einer Aufsichtsbeh\u00f6rde;<\/span><\/li><li style=\"mso-margin-top-alt: auto; mso-margin-bottom-alt: auto; line-height: normal; mso-list: l0 level1 lfo1; tab-stops: list 36.0pt;\"><span style=\"font-size: 12.0pt; font-family: 'Times New Roman',serif; mso-fareast-font-family: 'Times New Roman'; mso-fareast-language: DE;\">wenn die personenbezogenen Daten nicht bei Ihnen erhoben werden, alle verf\u00fcgbaren Informationen \u00fcber die Herkunft der Daten;<\/span><\/li><li style=\"mso-margin-top-alt: auto; mso-margin-bottom-alt: auto; line-height: normal; mso-list: l0 level1 lfo1; tab-stops: list 36.0pt;\"><span style=\"font-size: 12.0pt; font-family: 'Times New Roman',serif; mso-fareast-font-family: 'Times New Roman'; mso-fareast-language: DE;\">das<br \/>Bestehen einer automatisierten Entscheidungsfindung einschlie\u00dflich<br \/>Profiling gem\u00e4\u00df Artikel 22 Abs\u00e4tze 1 und 4 DSGVO und \u2013 zumindest in<br \/>diesen F\u00e4llen \u2013 aussagekr\u00e4ftige Informationen \u00fcber die involvierte Logik<br \/>sowie die Tragweite und die angestrebten Auswirkungen einer derartigen<br \/>Verarbeitung f\u00fcr Sie.<\/span><\/li><\/ul><p style=\"mso-margin-top-alt: auto; mso-margin-bottom-alt: auto; line-height: normal;\"><span style=\"font-size: 12.0pt; font-family: 'Times New Roman',serif; mso-fareast-font-family: 'Times New Roman'; mso-fareast-language: DE;\">Werden<br \/>personenbezogene Daten an ein Drittland oder an eine internationale<br \/>Organisation \u00fcbermittelt, so haben Sie das Recht, \u00fcber die geeigneten<br \/>Garantien gem\u00e4\u00df Artikel 46 DSGVO im Zusammenhang mit der \u00dcbermittlung<br \/>unterrichtet zu werden.<\/span><\/p><p style=\"mso-margin-top-alt: auto; mso-margin-bottom-alt: auto; line-height: normal;\"><b><span style=\"font-size: 12.0pt; font-family: 'Times New Roman',serif; mso-fareast-font-family: 'Times New Roman'; mso-fareast-language: DE;\">Recht auf Berichtigung<\/span><\/b><\/p><p style=\"mso-margin-top-alt: auto; mso-margin-bottom-alt: auto; line-height: normal;\"><span style=\"font-size: 12.0pt; font-family: 'Times New Roman',serif; mso-fareast-font-family: 'Times New Roman'; mso-fareast-language: DE;\">Sie<br \/>haben das Recht, von mir unverz\u00fcglich die Berichtigung Sie betreffender<br \/>unrichtiger personenbezogener Daten zu verlangen. Unter<br \/>Ber\u00fccksichtigung der Zwecke haben Sie das Recht, die Vervollst\u00e4ndigung<br \/>unvollst\u00e4ndiger personenbezogener Daten \u2013 auch mittels einer erg\u00e4nzenden<br \/>Erkl\u00e4rung \u2013 zu verlangen.<\/span><\/p><p style=\"mso-margin-top-alt: auto; mso-margin-bottom-alt: auto; line-height: normal;\"><b><span style=\"font-size: 12.0pt; font-family: 'Times New Roman',serif; mso-fareast-font-family: 'Times New Roman'; mso-fareast-language: DE;\">Recht auf L\u00f6schung (\u201eRecht auf Vergessenwerden\u201c)<\/span><\/b><\/p><p style=\"mso-margin-top-alt: auto; mso-margin-bottom-alt: auto; line-height: normal;\"><span style=\"font-size: 12.0pt; font-family: 'Times New Roman',serif; mso-fareast-font-family: 'Times New Roman'; mso-fareast-language: DE;\">Sie<br \/>haben das Recht, von mir zu verlangen, dass Sie betreffende<br \/>personenbezogene Daten unverz\u00fcglich gel\u00f6scht werden. Ich bin<br \/>verpflichtet, personenbezogene Daten unverz\u00fcglich zu l\u00f6schen, sofern<br \/>einer der folgenden Gr\u00fcnde zutrifft:<\/span><\/p><ul type=\"disc\"><li style=\"mso-margin-top-alt: auto; mso-margin-bottom-alt: auto; line-height: normal; mso-list: l2 level1 lfo2; tab-stops: list 36.0pt;\"><span style=\"font-size: 12.0pt; font-family: 'Times New Roman',serif; mso-fareast-font-family: 'Times New Roman'; mso-fareast-language: DE;\">Die<br \/>personenbezogenen Daten sind f\u00fcr die Zwecke, f\u00fcr die sie erhoben oder<br \/>aus sonstige Weise verarbeitet wurden, nicht mehr notwendig.<\/span><\/li><li style=\"mso-margin-top-alt: auto; mso-margin-bottom-alt: auto; line-height: normal; mso-list: l2 level1 lfo2; tab-stops: list 36.0pt;\"><span style=\"font-size: 12.0pt; font-family: 'Times New Roman',serif; mso-fareast-font-family: 'Times New Roman'; mso-fareast-language: DE;\">Sie<br \/>widerrufen Ihre Einwilligung, auf die sich die Verarbeitung gem\u00e4\u00df<br \/>Artikel 6 Abs. 1 DSGVO Buchstabe a oder Artikel 9 Absatz 2 Buchstabe a<br \/>DSGVO st\u00fctzte, und es fehlt an einer anderweitigen Rechtsgrundlage f\u00fcr<br \/>die Verarbeitung.<\/span><\/li><li style=\"mso-margin-top-alt: auto; mso-margin-bottom-alt: auto; line-height: normal; mso-list: l2 level1 lfo2; tab-stops: list 36.0pt;\"><span style=\"font-size: 12.0pt; font-family: 'Times New Roman',serif; mso-fareast-font-family: 'Times New Roman'; mso-fareast-language: DE;\">Sie<br \/>legen gem\u00e4\u00df Artikel 21 Absatz 1 DSGVO Widerspruch gegen die<br \/>Verarbeitung ein und es liegen keine vorrangigen berechtigten Gr\u00fcnde f\u00fcr<br \/>die Verarbeitung vor, oder Sie legen gem\u00e4\u00df Artikel 21 Absatz 2 DSGVO<br \/>Widerspruch gegen die Verarbeitung ein.<\/span><\/li><li style=\"mso-margin-top-alt: auto; mso-margin-bottom-alt: auto; line-height: normal; mso-list: l2 level1 lfo2; tab-stops: list 36.0pt;\"><span style=\"font-size: 12.0pt; font-family: 'Times New Roman',serif; mso-fareast-font-family: 'Times New Roman'; mso-fareast-language: DE;\">Die personenbezogenen Daten wurden unrechtm\u00e4\u00dfig verarbeitet.<\/span><\/li><li style=\"mso-margin-top-alt: auto; mso-margin-bottom-alt: auto; line-height: normal; mso-list: l2 level1 lfo2; tab-stops: list 36.0pt;\"><span style=\"font-size: 12.0pt; font-family: 'Times New Roman',serif; mso-fareast-font-family: 'Times New Roman'; mso-fareast-language: DE;\">Die<br \/>L\u00f6schung der personenbezogenen Daten ist zur Erf\u00fcllung einer<br \/>rechtlichen Verpflichtung nach dem Unionsrecht oder dem Recht der<br \/>Mitgliederstaaten erforderlich, dem wir unterliegen.<\/span><\/li><li style=\"mso-margin-top-alt: auto; mso-margin-bottom-alt: auto; line-height: normal; mso-list: l2 level1 lfo2; tab-stops: list 36.0pt;\"><span style=\"font-size: 12.0pt; font-family: 'Times New Roman',serif; mso-fareast-font-family: 'Times New Roman'; mso-fareast-language: DE;\">Die<br \/>personenbezogenen Daten wurden in Bezug auf angebotene Dienste der<br \/>Informationsgesellschaft gem\u00e4\u00df Artikel 8 Absatz 1 DSGVO erhoben.<\/span><\/li><\/ul><p style=\"mso-margin-top-alt: auto; mso-margin-bottom-alt: auto; line-height: normal;\"><span style=\"font-size: 12.0pt; font-family: 'Times New Roman',serif; mso-fareast-font-family: 'Times New Roman'; mso-fareast-language: DE;\">Habe ich die personenbezogenen Daten \u00f6ffentlich gemacht und bin ich zu deren L\u00f6schung verpflichtet.<\/span><\/p><p style=\"mso-margin-top-alt: auto; mso-margin-bottom-alt: auto; line-height: normal;\"><span style=\"font-size: 12.0pt; font-family: 'Times New Roman',serif; mso-fareast-font-family: 'Times New Roman'; mso-fareast-language: DE;\">Auskunfts-,<br \/>L\u00f6schungs- und Berichtigungsw\u00fcnsche zur Ihren Daten und gerne auch<br \/>Anregungen sowie zu weiteren Fragen zum Thema personenbezogene Daten<br \/>k\u00f6nnen Sie sich jederzeit unter der im Impressum angegebenen Adresse an<br \/>uns wenden.<\/span><\/p><p style=\"mso-margin-top-alt: auto; mso-margin-bottom-alt: auto; line-height: normal;\"><span style=\"font-size: 12.0pt; font-family: 'Times New Roman',serif; mso-fareast-font-family: 'Times New Roman'; mso-fareast-language: DE;\">\u00a0<\/span><\/p><p style=\"mso-margin-top-alt: auto; mso-margin-bottom-alt: auto; line-height: normal;\"><b><span style=\"font-size: 12.0pt; font-family: 'Times New Roman',serif; mso-fareast-font-family: 'Times New Roman'; mso-fareast-language: DE;\">Recht auf Einschr\u00e4nkung der Verarbeitung<\/span><\/b><\/p><p style=\"mso-margin-top-alt: auto; mso-margin-bottom-alt: auto; line-height: normal;\"><span style=\"font-size: 12.0pt; font-family: 'Times New Roman',serif; mso-fareast-font-family: 'Times New Roman'; mso-fareast-language: DE;\">Sie<br \/>haben das Recht, von mir die Einschr\u00e4nkung der Verarbeitung zu<br \/>verlangen, wenn eine der folgenden Voraussetzungen gegeben ist:<\/span><\/p><ul type=\"disc\"><li style=\"mso-margin-top-alt: auto; mso-margin-bottom-alt: auto; line-height: normal; mso-list: l1 level1 lfo3; tab-stops: list 36.0pt;\"><span style=\"font-size: 12.0pt; font-family: 'Times New Roman',serif; mso-fareast-font-family: 'Times New Roman'; mso-fareast-language: DE;\">die<br \/>Richtigkeit der personenbezogenen Daten wird von Ihnen bestritten, und<br \/>zwar f\u00fcr eine Dauer, die es mir erm\u00f6glicht, die Richtigkeit der<br \/>personenbezogenen Daten zu \u00fcberpr\u00fcfen,<\/span><\/li><li style=\"mso-margin-top-alt: auto; mso-margin-bottom-alt: auto; line-height: normal; mso-list: l1 level1 lfo3; tab-stops: list 36.0pt;\"><span style=\"font-size: 12.0pt; font-family: 'Times New Roman',serif; mso-fareast-font-family: 'Times New Roman'; mso-fareast-language: DE;\">die<br \/>Verarbeitung unrechtm\u00e4\u00dfig ist und Sie die L\u00f6schung der<br \/>personenbezogenen Daten ablehnten und stattdessen die Einschr\u00e4nkung der<br \/>Nutzung der personenbezogenen Daten verlangen,<\/span><\/li><li style=\"mso-margin-top-alt: auto; mso-margin-bottom-alt: auto; line-height: normal; mso-list: l1 level1 lfo3; tab-stops: list 36.0pt;\"><span style=\"font-size: 12.0pt; font-family: 'Times New Roman',serif; mso-fareast-font-family: 'Times New Roman'; mso-fareast-language: DE;\">wir<br \/>die personenbezogenen Daten f\u00fcr die Zwecke der Verarbeitung nicht<br \/>l\u00e4nger ben\u00f6tigen, Sie die Daten jedoch zur Geltendmachung, Aus\u00fcbung oder<br \/>Verteidigung von Rechtsanspr\u00e4chen ben\u00f6tigten, oder<\/span><\/li><li style=\"mso-margin-top-alt: auto; mso-margin-bottom-alt: auto; line-height: normal; mso-list: l1 level1 lfo3; tab-stops: list 36.0pt;\"><span style=\"font-size: 12.0pt; font-family: 'Times New Roman',serif; mso-fareast-font-family: 'Times New Roman'; mso-fareast-language: DE;\">Sie<br \/>Widerspruch gegen die Verarbeitung gem\u00e4\u00df Artikel 21 Absatz 1 DSGVO<br \/>eingelegt haben, solange noch nicht feststeht, ob die berechtigten<br \/>Gr\u00fcnde des Unternehmens gegen\u00fcber den Ihnen \u00fcberwiegen.<\/span><\/li><\/ul><p style=\"mso-margin-top-alt: auto; mso-margin-bottom-alt: auto; line-height: normal;\"><b><span style=\"font-size: 12.0pt; font-family: 'Times New Roman',serif; mso-fareast-font-family: 'Times New Roman'; mso-fareast-language: DE;\">Recht auf Daten\u00fcbertragbarkeit<\/span><\/b><\/p><p style=\"mso-margin-top-alt: auto; mso-margin-bottom-alt: auto; line-height: normal;\"><span style=\"font-size: 12.0pt; font-family: 'Times New Roman',serif; mso-fareast-font-family: 'Times New Roman'; mso-fareast-language: DE;\">Sie<br \/>haben das Recht, die Sie betreffenden personenbezogenen Daten, die Sie<br \/>uns bereitgestellt haben, in einem strukturierten, g\u00e4ngigen und<br \/>maschinenlesbaren Format zu erhalten, und Sie haben das Recht, diese<br \/>Daten einen anderen Verantwortlichen ohne Behinderung durch mich zu<br \/>\u00fcbermitteln, sofern<\/span><\/p><ul type=\"disc\"><li style=\"mso-margin-top-alt: auto; mso-margin-bottom-alt: auto; line-height: normal; mso-list: l3 level1 lfo4; tab-stops: list 36.0pt;\"><span style=\"font-size: 12.0pt; font-family: 'Times New Roman',serif; mso-fareast-font-family: 'Times New Roman'; mso-fareast-language: DE;\">die<br \/>Verarbeitung auf einer Einwilligung gem\u00e4\u00df Artikel 6 Absatz 1 Buchstabe a<br \/>DSGVO oder Artikel 9 Absatz 2 Buchstabe a DSGV oder auf einem Vertrag<br \/>gem\u00e4\u00df Artikel 6 Absatz 1 Buchstabe b DSGVO beruht und<\/span><\/li><li style=\"mso-margin-top-alt: auto; mso-margin-bottom-alt: auto; line-height: normal; mso-list: l3 level1 lfo4; tab-stops: list 36.0pt;\"><span style=\"font-size: 12.0pt; font-family: 'Times New Roman',serif; mso-fareast-font-family: 'Times New Roman'; mso-fareast-language: DE;\">die Verarbeitung mit Hilfe automatisierter Verfahren erfolgt.<\/span><\/li><\/ul><p style=\"mso-margin-top-alt: auto; mso-margin-bottom-alt: auto; line-height: normal;\"><span style=\"font-size: 12.0pt; font-family: 'Times New Roman',serif; mso-fareast-font-family: 'Times New Roman'; mso-fareast-language: DE;\">Bei<br \/>der Aus\u00fcbung Ihres Rechts auf Daten\u00fcbertragbarkeit gem\u00e4\u00df Absatz 1 haben<br \/>Sie das Recht, zu erwirken, dass die personenbezogenen Daten direkt von<br \/>mir einem anderen Verantwortlichen \u00fcbermittelt werden, soweit dies<br \/>technisch machbar ist.<\/span><\/p><p style=\"mso-margin-top-alt: auto; mso-margin-bottom-alt: auto; line-height: normal;\"><span style=\"font-size: 12.0pt; font-family: 'Times New Roman',serif; mso-fareast-font-family: 'Times New Roman'; mso-fareast-language: DE;\">\u00a0<\/span><\/p><p style=\"mso-margin-top-alt: auto; mso-margin-bottom-alt: auto; line-height: normal;\"><b><span style=\"font-size: 12.0pt; font-family: 'Times New Roman',serif; mso-fareast-font-family: 'Times New Roman'; mso-fareast-language: DE;\">Recht auf Widerspruch<\/span><\/b><\/p><p style=\"mso-margin-top-alt: auto; mso-margin-bottom-alt: auto; line-height: normal;\"><span style=\"font-size: 12.0pt; font-family: 'Times New Roman',serif; mso-fareast-font-family: 'Times New Roman'; mso-fareast-language: DE;\">Sie<br \/>haben das Recht, aus Gr\u00fcnden, die sich aus Ihrer besonderen Situation<br \/>ergeben, jederzeit gegen die Verarbeitung Sie betreffender<br \/>personenbezogener Daten, die aufgrund Artikel 6 Absatz 1 Buchstaben e<br \/>oder f DSGVO erfolgt, Widerspruch einzulegen; dies gilt auch f\u00fcr ein auf<br \/>diese Bestimmungen gest\u00fctztes Profiling. Ich verarbeite die<br \/>personenbezogenen Daten nicht mehr, es sei denn, ich kann zwingende<br \/>schutzw\u00fcrdige Gr\u00fcnde f\u00fcr die Verarbeitung nachweisen, die Ihre<br \/>Interessen, Rechte und Freiheiten \u00fcberwiegen, oder die Verarbeitung<br \/>dient der Geltendmachung, Aus\u00fcbung oder Verteidigung von<br \/>Rechtsanspr\u00fcchen.<\/span><\/p><p style=\"mso-margin-top-alt: auto; mso-margin-bottom-alt: auto; line-height: normal;\"><span style=\"font-size: 12.0pt; font-family: 'Times New Roman',serif; mso-fareast-font-family: 'Times New Roman'; mso-fareast-language: DE;\">Werden<br \/>personenbezogene Daten von mir verarbeitet, um Direktwerbung zu<br \/>betreiben, so haben Sie das Recht, jederzeit Widerspruch gegen die<br \/>Verarbeitung Sie betreffender personenbezogener Daten zum Zwecke<br \/>derartiger Werbung einzulegen; dies gilt auch f\u00fcr das Profiling, soweit<br \/>es mit solcher Direktwerbung in Verbindung steht.<\/span><\/p><p style=\"mso-margin-top-alt: auto; mso-margin-bottom-alt: auto; line-height: normal;\"><span style=\"font-size: 12.0pt; font-family: 'Times New Roman',serif; mso-fareast-font-family: 'Times New Roman'; mso-fareast-language: DE;\">Sie<br \/>haben das Recht, aus Gr\u00fcnden, die sich aus Ihrer besonderen Situation<br \/>ergeben, gegen die Sie betreffende Verarbeitung Sie betreffender<br \/>personenbezogener Daten, die zu wissenschaftlichen oder historischen<br \/>Forschungszwecken oder zu statistischen Zwecken gem\u00e4\u00df Artikel 89 Absatz 1<br \/>DSGVO erfolgt, Widerspruch einzulegen, es sei denn, die Verarbeitung<br \/>ist zur Erf\u00fcllung einer im \u00f6ffentlichen Interesse liegenden Aufgabe<br \/>erforderlich.<\/span><\/p><p style=\"mso-margin-top-alt: auto; mso-margin-bottom-alt: auto; line-height: normal;\"><b><span style=\"font-size: 12.0pt; font-family: 'Times New Roman',serif; mso-fareast-font-family: 'Times New Roman'; mso-fareast-language: DE;\">Recht auf Widerruf einer datenschutzrechtlichen Einwilligung<\/span><\/b><\/p><p style=\"mso-margin-top-alt: auto; mso-margin-bottom-alt: auto; line-height: normal;\"><span style=\"font-size: 12.0pt; font-family: 'Times New Roman',serif; mso-fareast-font-family: 'Times New Roman'; mso-fareast-language: DE;\">Sie haben das Recht, eine Einwilligung zur Verarbeitung personenbezogener Daten jederzeit zu widerrufen.<\/span><\/p><p style=\"mso-margin-top-alt: auto; mso-margin-bottom-alt: auto; line-height: normal;\"><b><span style=\"font-size: 12.0pt; font-family: 'Times New Roman',serif; mso-fareast-font-family: 'Times New Roman'; mso-fareast-language: DE;\">Recht auf Beschwerde bei einer Aufsichtsbeh\u00f6rde<\/span><\/b><\/p><p style=\"mso-margin-top-alt: auto; mso-margin-bottom-alt: auto; line-height: normal;\"><span style=\"font-size: 12.0pt; font-family: 'Times New Roman',serif; mso-fareast-font-family: 'Times New Roman'; mso-fareast-language: DE;\">Sie<br \/>haben das Recht auf Beschwerde bei einer Aufsichtsbeh\u00f6rde, insbesondere<br \/>in dem Mitgliedstaat ihres Aufenthaltsortes, ihres Arbeitsplatzes oder<br \/>des Ortes des mutma\u00dflichen Versto\u00dfes, Sie der Ansicht sind, dass die<br \/>Verarbeitung der Sie betreffenden personenbezogenen Daten rechtswidrig<br \/>ist.<\/span><\/p><p style=\"mso-margin-top-alt: auto; mso-margin-bottom-alt: auto; line-height: normal;\"><span style=\"font-size: 12.0pt; font-family: 'Times New Roman',serif; mso-fareast-font-family: 'Times New Roman'; mso-fareast-language: DE;\">4.\u00a0\u00a0\u00a0<b>Datensicherheit<\/b><\/span><\/p><p style=\"mso-margin-top-alt: auto; mso-margin-bottom-alt: auto; line-height: normal;\"><span style=\"font-size: 12.0pt; font-family: 'Times New Roman',serif; mso-fareast-font-family: 'Times New Roman'; mso-fareast-language: DE;\">Ich bin um die Sicherheit Ihrer Daten im Rahmen der geltenden Datenschutzgesetze und technischen M\u00f6glichkeiten maximal bem\u00fcht.<\/span><\/p><p style=\"mso-margin-top-alt: auto; mso-margin-bottom-alt: auto; line-height: normal;\"><span style=\"font-size: 12.0pt; font-family: 'Times New Roman',serif; mso-fareast-font-family: 'Times New Roman'; mso-fareast-language: DE;\">Ich<br \/>weise darauf hin, dass die Daten\u00fcbertragung im Internet (z.B. bei der<br \/>Kommunikation per E-Mail) Sicherheitsl\u00fccken aufweisen kann. Ein<br \/>l\u00fcckenloser Schutz der Daten vor dem Zugriff durch Dritte ist nicht<br \/>m\u00f6glich.<\/span><\/p><p style=\"mso-margin-top-alt: auto; mso-margin-bottom-alt: auto; line-height: normal;\"><span style=\"font-size: 12.0pt; font-family: 'Times New Roman',serif; mso-fareast-font-family: 'Times New Roman'; mso-fareast-language: DE;\">Zur<br \/>Sicherung Ihrer Daten unterhalte ich technische und organisatorische<br \/>Sicherungsma\u00dfnahmen, die ich immer wieder dem Stand der Technik<br \/>anpassen.<\/span><\/p><p style=\"mso-margin-top-alt: auto; mso-margin-bottom-alt: auto; line-height: normal;\"><span style=\"font-size: 12.0pt; font-family: 'Times New Roman',serif; mso-fareast-font-family: 'Times New Roman'; mso-fareast-language: DE;\">Ich<br \/>gew\u00e4hrleiste au\u00dferdem nicht, dass mein Angebot zu bestimmten Zeiten zur<br \/>Verf\u00fcgung steht; St\u00f6rungen, Unterbrechungen oder Ausf\u00e4lle k\u00f6nnen nicht<br \/>ausgeschlossen werden.<\/span><\/p><p style=\"mso-margin-top-alt: auto; mso-margin-bottom-alt: auto; line-height: normal;\"><span style=\"font-size: 12.0pt; font-family: 'Times New Roman',serif; mso-fareast-font-family: 'Times New Roman'; mso-fareast-language: DE;\">5.\u00a0\u00a0\u00a0<b>Weitergabe von Daten an Dritte, keine Daten\u00fcbertragung ins Nicht-EU-Ausland<\/b><\/span><\/p><p style=\"mso-margin-top-alt: auto; mso-margin-bottom-alt: auto; line-height: normal;\"><span style=\"font-size: 12.0pt; font-family: 'Times New Roman',serif; mso-fareast-font-family: 'Times New Roman'; mso-fareast-language: DE;\">Grunds\u00e4tzlich verwende ich Ihre personenbezogenen Daten nur innerhalb des Unternehmens.<\/span><\/p><p style=\"mso-margin-top-alt: auto; mso-margin-bottom-alt: auto; line-height: normal;\"><span style=\"font-size: 12.0pt; font-family: 'Times New Roman',serif; mso-fareast-font-family: 'Times New Roman'; mso-fareast-language: DE;\">Wenn<br \/>und soweit ich Dritte im Rahmen der Erf\u00fcllung von Vertr\u00e4gen einschalten<br \/>(etwa Logistik-Dienstleister) erhalten diese personenbezogenen Daten<br \/>nur in dem Umfang, in welchem die \u00dcbermittlung f\u00fcr die entsprechende<br \/>Leistung erforderlich ist.<\/span><\/p><p style=\"mso-margin-top-alt: auto; mso-margin-bottom-alt: auto; line-height: normal;\"><span style=\"font-size: 12.0pt; font-family: 'Times New Roman',serif; mso-fareast-font-family: 'Times New Roman'; mso-fareast-language: DE;\">F\u00fcr den Fall, dass ich bestimmte Teile der Datenverarbeitung auslagere (\u201eAuftragsverarbeitung\u201c),<\/span><\/p><p style=\"mso-margin-top-alt: auto; mso-margin-bottom-alt: auto; line-height: normal;\"><span style=\"font-size: 12.0pt; font-family: 'Times New Roman',serif; mso-fareast-font-family: 'Times New Roman'; mso-fareast-language: DE;\">verpflichte<br \/>ich Auftragsverarbeiter vertraglich dazu, personenbezogene Daten nur im<br \/>Einklang mit den Anforderungen der Datenschutzgesetze zu verwenden und<br \/>den Schutz der Rechte der betroffenen Person zu gew\u00e4hrleisten.<\/span><\/p><p style=\"mso-margin-top-alt: auto; mso-margin-bottom-alt: auto; line-height: normal;\"><b><span style=\"font-size: 12.0pt; font-family: 'Times New Roman',serif; mso-fareast-font-family: 'Times New Roman'; mso-fareast-language: DE;\">6.\u00a0\u00a0\u00a0\u00a0Weitere Informationen<\/span><\/b><\/p><p style=\"mso-margin-top-alt: auto; mso-margin-bottom-alt: auto; line-height: normal;\"><b><span style=\"font-size: 12.0pt; font-family: 'Times New Roman',serif; mso-fareast-font-family: 'Times New Roman'; mso-fareast-language: DE;\">Fragen und Kommentare<\/span><\/b><\/p><p style=\"mso-margin-top-alt: auto; mso-margin-bottom-alt: auto; line-height: normal;\"><span style=\"font-size: 12.0pt; font-family: 'Times New Roman',serif; mso-fareast-font-family: 'Times New Roman'; mso-fareast-language: DE;\">F\u00fcr<br \/>Fragen, Anregungen oder Kommentare zum Thema Datenschutz wenden Sie<br \/>sich bitte per E-Mail an die in meiner Website angegebenen Mai-Adresse.<br \/>Die rasante Entwicklung des Internets macht von Zeit zu Zeit Anpassungen<br \/>in meinen Datenschutzrichtlinien erforderlich. Sie werden an dieser<br \/>Stelle \u00fcber die Neurungen informiert.<\/span><\/p><p style=\"mso-margin-top-alt: auto; mso-margin-bottom-alt: auto; line-height: normal;\"><b><span style=\"font-size: 12.0pt; font-family: 'Times New Roman',serif; mso-fareast-font-family: 'Times New Roman'; mso-fareast-language: DE;\">Widerspruch Werbe-Mails<\/span><\/b><\/p><p style=\"mso-margin-top-alt: auto; mso-margin-bottom-alt: auto; line-height: normal;\"><span style=\"font-size: 12.0pt; font-family: 'Times New Roman',serif; mso-fareast-font-family: 'Times New Roman'; mso-fareast-language: DE;\">Der<br \/>Nutzung von im Rahmen der Impressumspflicht ver\u00f6ffentlichten<br \/>Kontaktdaten zur \u00dcbersendung von nicht ausdr\u00fccklich angeforderter<br \/>Werbung und Informationsmaterialien wird hiermit widersprochen. Die<br \/>Betreiber der Seiten behalten sich ausdr\u00fccklich rechtliche Schritte im<br \/>Falle der unverlangten Zusendung von Werbeinformationen, etwa durch<br \/>Spam-E-Mails, vor.<\/span><\/p><p style=\"mso-margin-top-alt: auto; mso-margin-bottom-alt: auto; line-height: normal;\"><span style=\"font-size: 12.0pt; font-family: 'Times New Roman',serif; mso-fareast-font-family: 'Times New Roman'; mso-fareast-language: DE;\">\u00a0<\/span><\/p><p style=\"mso-margin-top-alt: auto; mso-margin-bottom-alt: auto; line-height: normal;\"><span style=\"font-size: 12.0pt; font-family: 'Times New Roman',serif; mso-fareast-font-family: 'Times New Roman'; mso-fareast-language: DE;\">Quelle:\u00a0<a href=\"https:\/\/www.e-recht24.de\/muster-datenschutzerklaerung.html\"><span style=\"color: blue;\">https:\/\/www.e-recht24.de\/muster-datenschutzerklaerung.html<\/span><\/a>.<\/span><\/p><p>\u00a0<\/p>\t\t\t\t\t\t\t\t<\/div>\n\t\t\t\t<\/div>\n\t\t\t\t\t<\/div>\n\t\t<\/div>\n\t\t\t\t\t<\/div>\n\t\t<\/section>\n\t\t\t\t<\/div>\n\t\t","protected":false},"excerpt":{"rendered":"<p>Impressum Moritz Kaufmann [Privatadresse]71263 Weil der Stadt https:\/\/choice2b.euTel.: +49 17634422044 Mail: contact@choice2b.eu Haftungsausschluss: Die Inhalte dieser Webseite wurdenmit gro\u00dfer Sorgfalt erstellt. F\u00fcrdie Aktualit\u00e4t, Richtigkeit, Qualit\u00e4t und\/oder Vollst\u00e4ndigkeit der aufdieser Webseite bereitgestellten Informationen \u00fcbernimmt der Autor keineHaftung. \u00a0 Hinweis zu externen Links auf dieserWebseite: Diese Webseite enth\u00e4lt Links zuexternen Webseiten Dritter, auf derenInhalte ich keinen Einfluss &hellip;<\/p>\n<p class=\"read-more\"> <a class=\"\" href=\"https:\/\/choice2b.eu\/en\/impressum\/\"> <span class=\"screen-reader-text\">Impressum<\/span> Read More &raquo;<\/a><\/p>\n","protected":false},"author":1,"featured_media":0,"parent":0,"menu_order":0,"comment_status":"closed","ping_status":"closed","template":"","meta":{"site-sidebar-layout":"no-sidebar","site-content-layout":"page-builder","ast-global-header-display":"","ast-main-header-display":"","ast-hfb-above-header-display":"","ast-hfb-below-header-display":"","ast-hfb-mobile-header-display":"","site-post-title":"disabled","ast-breadcrumbs-content":"","ast-featured-img":"disabled","footer-sml-layout":"","theme-transparent-header-meta":"","adv-header-id-meta":"","stick-header-meta":"","header-above-stick-meta":"","header-main-stick-meta":"","header-below-stick-meta":"","footnotes":""},"class_list":["post-1945","page","type-page","status-publish","hentry"],"_links":{"self":[{"href":"https:\/\/choice2b.eu\/en\/wp-json\/wp\/v2\/pages\/1945","targetHints":{"allow":["GET"]}}],"collection":[{"href":"https:\/\/choice2b.eu\/en\/wp-json\/wp\/v2\/pages"}],"about":[{"href":"https:\/\/choice2b.eu\/en\/wp-json\/wp\/v2\/types\/page"}],"author":[{"embeddable":true,"href":"https:\/\/choice2b.eu\/en\/wp-json\/wp\/v2\/users\/1"}],"replies":[{"embeddable":true,"href":"https:\/\/choice2b.eu\/en\/wp-json\/wp\/v2\/comments?post=1945"}],"version-history":[{"count":10,"href":"https:\/\/choice2b.eu\/en\/wp-json\/wp\/v2\/pages\/1945\/revisions"}],"predecessor-version":[{"id":2091,"href":"https:\/\/choice2b.eu\/en\/wp-json\/wp\/v2\/pages\/1945\/revisions\/2091"}],"wp:attachment":[{"href":"https:\/\/choice2b.eu\/en\/wp-json\/wp\/v2\/media?parent=1945"}],"curies":[{"name":"wp","href":"https:\/\/api.w.org\/{rel}","templated":true}]}}